{"id":174,"date":"2018-08-10T14:23:30","date_gmt":"2018-08-10T12:23:30","guid":{"rendered":"https:\/\/www.camera.tools\/?page_id=174"},"modified":"2023-03-22T11:23:36","modified_gmt":"2023-03-22T10:23:36","slug":"caman-la-poignee-professionnelle-pour-camera","status":"publish","type":"page","link":"https:\/\/www.caman.swiss\/fr\/caman-la-poignee-professionnelle-pour-camera\/","title":{"rendered":"S GRIP PRO, la poign\u00e9e de commande professionnelle pour cam\u00e9ra"},"content":{"rendered":"\n<h1 class=\"section-title wp-block-heading\" id=\"h-decouvrez-la-s-grip-pro\"><span class=\"title-container\">D\u00e9couvrez la S GRIP PRO<\/span><\/h1>\n\n\n<div class=\"wp-bootstrap-blocks-row row g-0\">\n\t\n\n<div class=\"col-12 col-md-2\">\n\t\t\t\t<\/div>\n\n\n\n<div class=\"col-12 col-md-8\">\n\t\t\t\n\n<p class=\"catchphrase\" id=\"h-documentaires-intimistes-reportages-en-plein-air-dans-des-conditions-parfois-difficiles-la-poign-e-caman-a-t-invent-e-par-des-professionnels-pour-des-professionnels\">Puissante et d&rsquo;une grande polyvalence, la S&nbsp;GRIP&nbsp;PRO est l&rsquo;\u00e9quipement ultime en mati\u00e8re de contr\u00f4le de cam\u00e9ra sur le terrain.<\/p>\n\n\t<\/div>\n\n<\/div>\n\n\n<div class=\"wp-bootstrap-blocks-row row g-0\">\n\t\n\n<div class=\"col-12 col-md-2\">\n\t\t\t\t<\/div>\n\n\n\n<div class=\"col-12 col-md-8\">\n\t\t\t\n<div id=\"gutenslider-xlkg2x62b\" class=\"wp-block-eedee-block-gutenslider gs-frontend content-change alignnone arrow-style-1 arrow-position-sides arrow-mb-none arrows-lg arrows-md arrows-sm dot-style-1 dots-lg dots-md dots-sm dot-position-bottom is-position-center-center mb-none wrap-auto-height\" data-parallax-direction=\"down\" data-parallax-amount=\"1.3\" data-lg-transition=\"lg-slide\" data-hash=\"\" ><div class=\"eedee-swiper-outer\" style=\"--gutenslider-min-height: 50vh;--gutenslider-arrow-size: 30px;--gutenslider-dot-size: 25px;--gutenslider-arrow-color: #000000;--gutenslider-dot-color: #000000;--gutenslider-padding-y-mobile: 40px;--gutenslider-padding-x-mobile: 40px;--gutenslider-padding-y-tablet: 40px;--gutenslider-padding-x-tablet: 40px;--gutenslider-padding-y-desktop: 40px;--gutenslider-padding-x-desktop: 40px;--gutenslider-bg-image: url();--gutenslider-min-height-md: 50vh;--gutenslider-min-height-sm: 50vh;--gutenslider-padding-x: 40px;--gutenslider-padding-x-md: 40px;--gutenslider-padding-x-sm: 20px;--gutenslider-padding-y: 40px;--gutenslider-padding-y-md: 40px;--gutenslider-padding-y-sm: 20px;--gutenslider-arrow-size-md: 30px;--gutenslider-arrow-size-sm: 30px;--gutenslider-dot-size-md: 25px;--gutenslider-dot-size-sm: 25px;--gutenslider-arrow-bg-color: transparent;--gutenslider-arrow-hover-color: #eeeeee;--gutenslider-arrow-bg-hover-color: transparent;--gutenslider-arrow-x-offset: 10px;--gutenslider-arrow-x-offset-md: 10px;--gutenslider-arrow-x-offset-sm: 10px;--gutenslider-arrow-y-offset: 0px;--gutenslider-arrow-y-offset-md: 0px;--gutenslider-arrow-y-offset-sm: 0px;--gutenslider-arrow-x-spacing: 0px;--gutenslider-dot-y-offset: 10px;--gutenslider-dot-y-offset-md: 10px;--gutenslider-dot-y-offset-sm: 10px;--gutenslider-margin-x: 0px;--gutenslider-margin-x-md: 0px;--gutenslider-margin-x-sm: 0px;--gutenslider-margin-y: 0px;--gutenslider-margin-y-md: 0px;--gutenslider-margin-y-sm: 0px;--gutenslider-divider-top: 60px;--gutenslider-divider-bottom: 60px;--gutenslider-lightgallery-bg: #ffffff;--gutenslider-lightgallery-font: #000000;--gs-first-pos: 50% 50%;--gs-gap-vertical: var( --wp--style--gallery-gap-default, var( --gallery-block--gutter-size, var( --wp--style--block-gap, 0.5em ) ) );--gs-gap-horizontal: var( --wp--style--gallery-gap-default, var( --gallery-block--gutter-size, var( --wp--style--block-gap, 0.5em ) ) );\"><div class=\"gutenslider-divider-top\" style=\"color:#fff;\"><\/div><div class=\"swiper\" data-settings='{\"autoplay\":{\"delay\":4000,\"pauseOnMouseEnter\":true,\"disableOnInteraction\":false},\"speed\":700,\"direction\":\"horizontal\",\"autoHeight\":\"\",\"loop\":true,\"centeredSlides\":true,\"spaceBetween\":0,\"slidesPerView\":1,\"slidesPerGroup\":1,\"effect\":\"slide\",\"coverflowEffect\":{\"rotate\":30,\"slideShadows\":false,\"depth\":100,\"stretch\":50,\"modifier\":1},\"fadeEffect\":{\"crossFade\":true},\"zoom\":\"\",\"navigation\":{\"nextEl\":\"#gutenslider-xlkg2x62b .eedee-gutenslider-next\",\"prevEl\":\"#gutenslider-xlkg2x62b .eedee-gutenslider-prev\"},\"pagination\":{\"type\":\"bullets\",\"clickable\":true,\"dynamicBullets\":false,\"el\":\"#gutenslider-xlkg2x62b .eedee-gutenslider-pagination\"},\"pauseOnHover\":\"1\",\"watchSlidesProgress\":true,\"watchSlidesVisibility\":true,\"settingsMd\":{\"autoHeight\":\"\",\"slidesPerView\":1,\"slidesPerGroup\":1,\"spaceBetween\":0,\"loop\":true},\"settingsLg\":{\"autoHeight\":\"\",\"slidesPerView\":1,\"slidesPerGroup\":1,\"spaceBetween\":0,\"loop\":true},\"hasLg\":false,\"hasLgCounter\":true,\"isFullScreen\":false,\"arrowsFollowMouse\":false,\"lgTitle\":\"none\",\"lgCaption\":\"none\",\"lgThumbnails\":true,\"lgZoomEnabled\":false,\"keyboard\":{\"keyboard\":{\"enabled\":true,\"onlyInViewport\":true}},\"hashNavigation\":false,\"dividers\":false}'><div class=\"swiper-wrapper\">\n<div class=\"swiper-slide wp-block-eedee-block-gutenslide is-position-center-center ed-bg-image\" style=\"--ed-vw:600;--ed-vh:600;\" data-hash=\"\"><div class=\"eedee-background-div bg-image\"><img loading=\"lazy\" width=\"1200\" height=\"1200\" class=\"wp-image-9521\" src=\"https:\/\/www.caman.swiss\/wp-content\/uploads\/2022\/11\/S-RIG-PRO-content.jpg\" alt=\"Poign\u00e9e de contr\u00f4le cam\u00e9ra, module \u00e9lectronique et plateau de montage cam\u00e9ra\" decoding=\"async\" style=\"object-fit: contain; object-position: 50% 50%;\"  data-title=\"S RIG PRO - Contenu du coffret\" srcset=\"https:\/\/www.caman.swiss\/wp-content\/uploads\/2022\/11\/S-RIG-PRO-content.jpg 1200w, https:\/\/www.caman.swiss\/wp-content\/uploads\/2022\/11\/S-RIG-PRO-content-600x600.jpg 600w, https:\/\/www.caman.swiss\/wp-content\/uploads\/2022\/11\/S-RIG-PRO-content-1024x1024.jpg 1024w, https:\/\/www.caman.swiss\/wp-content\/uploads\/2022\/11\/S-RIG-PRO-content-768x768.jpg 768w, https:\/\/www.caman.swiss\/wp-content\/uploads\/2022\/11\/S-RIG-PRO-content-300x300.jpg 300w, https:\/\/www.caman.swiss\/wp-content\/uploads\/2022\/11\/S-RIG-PRO-content-650x650.jpg 650w, https:\/\/www.caman.swiss\/wp-content\/uploads\/2022\/11\/S-RIG-PRO-content-100x100.jpg 100w\" sizes=\"auto, (max-width: 1200px) 100vw, 1200px\" \/><div class=\"eedee-background-div__overlay\" style=\"opacity:1;\"><\/div><\/div><div class=\"slide-content\">\n\n<p class=\"has-text-align-center gutenslider-content-initial has-larger-font-size\"><\/p>\n\n<\/div><\/div>\n\n<div class=\"swiper-slide wp-block-eedee-block-gutenslide is-position-center-center ed-bg-image\" style=\"--ed-vw:600;--ed-vh:400;\" data-hash=\"\"><div class=\"eedee-background-div bg-image\"><img loading=\"lazy\" width=\"1200\" height=\"800\" class=\"wp-image-9265\" src=\"https:\/\/www.caman.swiss\/wp-content\/uploads\/2022\/04\/Caman-Sony-FS7-shooting-with-easyrig-1.jpg\" alt=\"Femme qui filme avec une cam\u00e9ra Sony FS7 2, une S GRIP PRO et un Easyrig\" decoding=\"async\" style=\"object-fit: contain; object-position: 50% 50%;\"  data-title=\"S GRIP PRO avec une Sony FS7 mark ii et Easyrig\" srcset=\"https:\/\/www.caman.swiss\/wp-content\/uploads\/2022\/04\/Caman-Sony-FS7-shooting-with-easyrig-1.jpg 1200w, https:\/\/www.caman.swiss\/wp-content\/uploads\/2022\/04\/Caman-Sony-FS7-shooting-with-easyrig-1-600x400.jpg 600w, https:\/\/www.caman.swiss\/wp-content\/uploads\/2022\/04\/Caman-Sony-FS7-shooting-with-easyrig-1-1024x683.jpg 1024w, https:\/\/www.caman.swiss\/wp-content\/uploads\/2022\/04\/Caman-Sony-FS7-shooting-with-easyrig-1-768x512.jpg 768w, https:\/\/www.caman.swiss\/wp-content\/uploads\/2022\/04\/Caman-Sony-FS7-shooting-with-easyrig-1-650x433.jpg 650w\" sizes=\"auto, (max-width: 1200px) 100vw, 1200px\" \/><div class=\"eedee-background-div__overlay\" style=\"opacity:1;\"><\/div><\/div><div class=\"slide-content\">\n\n<p class=\"has-text-align-center gutenslider-content-initial has-larger-font-size\"><\/p>\n\n<\/div><\/div>\n\n<div class=\"swiper-slide wp-block-eedee-block-gutenslide is-position-center-center ed-bg-image\" style=\"--ed-vw:600;--ed-vh:400;\" data-hash=\"\"><div class=\"eedee-background-div bg-image\"><img loading=\"lazy\" width=\"1200\" height=\"800\" class=\"wp-image-9269\" src=\"https:\/\/www.caman.swiss\/wp-content\/uploads\/2022\/04\/Caman-Sony-Z90-AX700-JRI-reporter-1.jpg\" alt=\"JRI qui filme avec la poign\u00e9e de commande S GRIP PRO et une Sony Z90 dans la for\u00eat\" decoding=\"async\" style=\"object-fit: contain; object-position: 50% 50%;\"  data-title=\"S RIG PRO sur Sony Z90 ou AX700 pour JRI journaliste reporter d&#039;images\" srcset=\"https:\/\/www.caman.swiss\/wp-content\/uploads\/2022\/04\/Caman-Sony-Z90-AX700-JRI-reporter-1.jpg 1200w, https:\/\/www.caman.swiss\/wp-content\/uploads\/2022\/04\/Caman-Sony-Z90-AX700-JRI-reporter-1-600x400.jpg 600w, https:\/\/www.caman.swiss\/wp-content\/uploads\/2022\/04\/Caman-Sony-Z90-AX700-JRI-reporter-1-1024x683.jpg 1024w, https:\/\/www.caman.swiss\/wp-content\/uploads\/2022\/04\/Caman-Sony-Z90-AX700-JRI-reporter-1-768x512.jpg 768w, https:\/\/www.caman.swiss\/wp-content\/uploads\/2022\/04\/Caman-Sony-Z90-AX700-JRI-reporter-1-650x433.jpg 650w\" sizes=\"auto, (max-width: 1200px) 100vw, 1200px\" \/><div class=\"eedee-background-div__overlay\" style=\"opacity:1;\"><\/div><\/div><div class=\"slide-content\">\n\n<p class=\"has-text-align-center gutenslider-content-initial has-larger-font-size\"><\/p>\n\n<\/div><\/div>\n\n<div class=\"swiper-slide wp-block-eedee-block-gutenslide is-position-center-center ed-bg-image\" style=\"--ed-vw:600;--ed-vh:400;\" data-hash=\"\"><div class=\"eedee-background-div bg-image\"><img loading=\"lazy\" width=\"1200\" height=\"800\" class=\"wp-image-9273\" src=\"https:\/\/www.caman.swiss\/wp-content\/uploads\/2022\/04\/Caman-Sony-Z90-AX700-Zhiyun-crane-3-1.jpg\" alt=\"Femme sur le Mont d&#039;Or qui filme avec une cam\u00e9ra Sony Z90 ou AX700 mont\u00e9e sur un stabiliseur Zhiyun Crane 3 et contr\u00f4l\u00e9e avec la poign\u00e9e Caman S GRIP PRO\" decoding=\"async\" style=\"object-fit: contain; object-position: 50% 50%;\"  data-title=\"Contr\u00f4le d&#039;une Sony Z90 ou AX700 sur stabiliseur Zhiyun Crane 3 avec la poign\u00e9e S GRIP PRO\" srcset=\"https:\/\/www.caman.swiss\/wp-content\/uploads\/2022\/04\/Caman-Sony-Z90-AX700-Zhiyun-crane-3-1.jpg 1200w, https:\/\/www.caman.swiss\/wp-content\/uploads\/2022\/04\/Caman-Sony-Z90-AX700-Zhiyun-crane-3-1-600x400.jpg 600w, https:\/\/www.caman.swiss\/wp-content\/uploads\/2022\/04\/Caman-Sony-Z90-AX700-Zhiyun-crane-3-1-1024x683.jpg 1024w, https:\/\/www.caman.swiss\/wp-content\/uploads\/2022\/04\/Caman-Sony-Z90-AX700-Zhiyun-crane-3-1-768x512.jpg 768w, https:\/\/www.caman.swiss\/wp-content\/uploads\/2022\/04\/Caman-Sony-Z90-AX700-Zhiyun-crane-3-1-650x433.jpg 650w\" sizes=\"auto, (max-width: 1200px) 100vw, 1200px\" \/><div class=\"eedee-background-div__overlay\" style=\"opacity:1;\"><\/div><\/div><div class=\"slide-content\">\n\n<p class=\"has-text-align-center gutenslider-content-initial has-larger-font-size\"><\/p>\n\n<\/div><\/div>\n\n<div class=\"swiper-slide wp-block-eedee-block-gutenslide is-position-center-center ed-bg-image\" style=\"--ed-vw:600;--ed-vh:400;\" data-hash=\"\"><div class=\"eedee-background-div bg-image\"><img loading=\"lazy\" width=\"1200\" height=\"800\" class=\"wp-image-9257\" src=\"https:\/\/www.caman.swiss\/wp-content\/uploads\/2022\/04\/Caman-Canon-C200-shooting-music-band-alyx-1.jpg\" alt=\"Shooting d&#039;un groupe de musique avec cam\u00e9ra Canon C200 et S GRIP PRO\" decoding=\"async\" style=\"object-fit: contain; object-position: 50% 50%;\"  data-title=\"Shooting d&#039;un groupe de musique avec cam\u00e9ra Canon C200 et S GRIP PRO\" srcset=\"https:\/\/www.caman.swiss\/wp-content\/uploads\/2022\/04\/Caman-Canon-C200-shooting-music-band-alyx-1.jpg 1200w, https:\/\/www.caman.swiss\/wp-content\/uploads\/2022\/04\/Caman-Canon-C200-shooting-music-band-alyx-1-600x400.jpg 600w, https:\/\/www.caman.swiss\/wp-content\/uploads\/2022\/04\/Caman-Canon-C200-shooting-music-band-alyx-1-1024x683.jpg 1024w, https:\/\/www.caman.swiss\/wp-content\/uploads\/2022\/04\/Caman-Canon-C200-shooting-music-band-alyx-1-768x512.jpg 768w, https:\/\/www.caman.swiss\/wp-content\/uploads\/2022\/04\/Caman-Canon-C200-shooting-music-band-alyx-1-650x433.jpg 650w\" sizes=\"auto, (max-width: 1200px) 100vw, 1200px\" \/><div class=\"eedee-background-div__overlay\" style=\"opacity:1;\"><\/div><\/div><div class=\"slide-content\">\n\n<p class=\"has-text-align-center gutenslider-content-initial has-larger-font-size\"><\/p>\n\n<\/div><\/div>\n<\/div><\/div><button class=\"eedee-gutenslider-nav eedee-gutenslider-prev\"><svg xmlns=\"http:\/\/www.w3.org\/2000\/svg\" viewBox=\"0 0 24 24\" width=\"24\" height=\"24\"><circle class=\"bg\" cx=\"13\" cy=\"12\" r=\"11\" \/><path fill=\"none\" d=\"M0 0h24v24H0z\"\/><path class=\"arrow\" d=\"M10.828 12l4.95 4.95-1.414 1.414L8 12l6.364-6.364 1.414 1.414z\"\/><\/svg><\/button><button class=\"eedee-gutenslider-nav eedee-gutenslider-next\"><svg xmlns=\"http:\/\/www.w3.org\/2000\/svg\" viewBox=\"0 0 24 24\" width=\"24\" height=\"24\"><circle class=\"bg\" cx=\"11\" cy=\"12\" r=\"11\" \/><path fill=\"none\" d=\"M0 0h24v24H0z\"\/><path class=\"arrow\" d=\"M13.172 12l-4.95-4.95 1.414-1.414L16 12l-6.364 6.364-1.414-1.414z\"\/><\/svg><\/button><div class=\"eedee-gutenslider-pagination\"><\/div><div class=\"gutenslider-divider-bottom \" style=\"color:#fff;\"><\/div><\/div><\/div>\n\t<\/div>\n\n<\/div>\n\n\n<div class=\"wp-bootstrap-blocks-row row bgwhite g-0\">\n\t\n\n<div class=\"col-12 col-md-6\">\n\t\t\t\n\n<h2 class=\"wp-block-heading\" id=\"h-vers-plus-de-confort-et-une-meilleure-accessibilite-a-la-camera\">Vers plus de confort et une meilleure accessibilit\u00e9 \u00e0 la cam\u00e9ra<\/h2>\n\n\n\n<p class=\"has-medium-font-size\">Initialement appel\u00e9e poign\u00e9e Caman, la S GRIP PRO a \u00e9t\u00e9 imagin\u00e9e et mise au point par <a href=\"https:\/\/www.caman.swiss\/fr\/a-propos-de-cameratools-ltd-switzerland\/\">Camille Cottagnoud<\/a>, chef op\u00e9rateur suisse avec plus de 30 ans d&rsquo;exp\u00e9rience dans le documentaire. <\/p>\n\n\n\n<p>Cette innovation est destin\u00e9e \u00e0 lever les contraintes en mati\u00e8re de confort et d&rsquo;accessibilit\u00e9 aux fonctions et aux r\u00e9glages de la cam\u00e9ra.<\/p>\n\n\n\n<p>Fabriqu\u00e9e de mani\u00e8re artisanale dans notre atelier au c\u0153ur des Alpes suisses, la S GRIP PRO est la premi\u00e8re poign\u00e9e de commande qui permet d&rsquo;utiliser les 5 doigts de la main, sans les d\u00e9placer, pour contr\u00f4ler la cam\u00e9ra.<\/p>\n\n\n\n<div class=\"wp-block-buttons is-layout-flex wp-block-buttons-is-layout-flex\">\n<div class=\"wp-block-button\"><a class=\"wp-block-button__link wp-element-button\" href=\"#technicalspecs\">Voir les caract\u00e9ristiques techniques<\/a><\/div>\n<\/div>\n\n\t<\/div>\n\n\n\n<div class=\"col-12 col-md-6\">\n\t\t\t\n\n<figure class=\"wp-block-embed is-type-video is-provider-youtube wp-block-embed-youtube wp-embed-aspect-16-9 wp-has-aspect-ratio\"><div class=\"wp-block-embed__wrapper\">\n<iframe loading=\"lazy\" title=\"Caman : vers plus de confort et un meilleur contr\u00f4le de la cam\u00e9ra\" width=\"1120\" height=\"630\" src=\"https:\/\/www.youtube.com\/embed\/dP3uAa8FaHY?feature=oembed\" frameborder=\"0\" allow=\"accelerometer; autoplay; clipboard-write; encrypted-media; gyroscope; picture-in-picture; web-share\" allowfullscreen><\/iframe>\n<\/div><\/figure>\n\n\t<\/div>\n\n<\/div>\n\n\n<div class=\"wp-bootstrap-blocks-row row bgwhite g-0\">\n\t\n\n<div class=\"col-12 col-md-6\">\n\t\t\t\n\n<figure class=\"wp-block-image size-large\"><img loading=\"lazy\" decoding=\"async\" width=\"1024\" height=\"548\" src=\"https:\/\/www.caman.swiss\/wp-content\/uploads\/2021\/06\/caman-handle-for-video-camera-on-desk-2-1024x548.jpg\" alt=\"Poign\u00e9e Caman S GRIP PRO sur un bureau avec un ordinateur en arri\u00e8re plan\" class=\"wp-image-8769\" srcset=\"https:\/\/www.caman.swiss\/wp-content\/uploads\/2021\/06\/caman-handle-for-video-camera-on-desk-2-1024x548.jpg 1024w, https:\/\/www.caman.swiss\/wp-content\/uploads\/2021\/06\/caman-handle-for-video-camera-on-desk-2-600x321.jpg 600w, https:\/\/www.caman.swiss\/wp-content\/uploads\/2021\/06\/caman-handle-for-video-camera-on-desk-2-768x411.jpg 768w, https:\/\/www.caman.swiss\/wp-content\/uploads\/2021\/06\/caman-handle-for-video-camera-on-desk-2-1536x822.jpg 1536w, https:\/\/www.caman.swiss\/wp-content\/uploads\/2021\/06\/caman-handle-for-video-camera-on-desk-2-650x348.jpg 650w, https:\/\/www.caman.swiss\/wp-content\/uploads\/2021\/06\/caman-handle-for-video-camera-on-desk-2.jpg 2000w\" sizes=\"auto, (max-width: 1024px) 100vw, 1024px\" \/><\/figure>\n\n\t<\/div>\n\n\n\n<div class=\"col-12 col-md-6\">\n\t\t\t\n\n<h2 class=\"wp-block-heading\" id=\"h-une-poignee-de-commande-programmable\">Une poign\u00e9e de commande programmable<\/h2>\n\n\n\n<p class=\"has-medium-font-size\">Chaque cam\u00e9raman a sa propre fa\u00e7on de filmer, ses habitudes en mati\u00e8re de prises de vues. C&rsquo;est pourquoi Caman a d\u00e9velopp\u00e9 une application pour personnaliser les r\u00e9glages de la S GRIP PRO.<\/p>\n\n\n\n<p>Simple d&rsquo;utilisation, Caman App vous permet d&rsquo;<strong>attribuer les fonctions cam\u00e9ra de votre choix<\/strong> aux diff\u00e9rents boutons et au joystick.<\/p>\n\n\n\n<p>Utilisez des <strong>combinaisons de boutons<\/strong> pour avoir davantage de fonctions cam\u00e9ra sous les doigts et ne plus \u00eatre limit\u00e9.<\/p>\n\n\n\n<p>Pour les plus exp\u00e9riment\u00e9s, d\u00e9couvrez des <strong>options avanc\u00e9es<\/strong> pour g\u00e9rer le comportement de certaines fonctions cam\u00e9ra.<\/p>\n\n\n\n<p><strong>M\u00e9morisez vos r\u00e9glages sur votre ordinateur<\/strong> apr\u00e8s modification, vous pourrez ensuite les reprendre ou les partager.<\/p>\n\n\t<\/div>\n\n<\/div>\n\n\n<div class=\"wp-bootstrap-blocks-row row bgwhite g-0\">\n\t\n\n<div class=\"col-12 col-md-6\">\n\t\t\t\n\n<h2 class=\"wp-block-heading\" id=\"h-des-boutons-sensibles-a-la-pression-des-doigts\">Des boutons sensibles \u00e0 la pression des doigts<\/h2>\n\n\n\n<p>La prise de vue n\u00e9cessite finesse et pr\u00e9cision. C\u2019est pour cela que les boutons et le joystick de la S GRIP PRO r\u00e9pondent \u00e0 la pression du doigt.<\/p>\n\n\n\n<p><b>Exemple avec la fonction zoom :<\/b> une l\u00e9g\u00e8re pression d\u00e9clenchera un zoom lent. Une pression plus forte acc\u00e9l\u00e8rera la vitesse du zoom.<\/p>\n\n\n\n<p>Caman App permet d&rsquo;ajuster la sensibilit\u00e9 de chacun des boutons et du joystick.<\/p>\n\n\t<\/div>\n\n\n\n<div class=\"col-12 col-md-6\">\n\t\t\t\n\n<figure class=\"wp-block-image size-large\"><img loading=\"lazy\" decoding=\"async\" width=\"1024\" height=\"573\" src=\"https:\/\/www.caman.swiss\/wp-content\/uploads\/2022\/12\/Programmable-camera-remote-control-1024x573.jpg\" alt=\"Configuration d'une S GRIP PRO dans l'application Caman App sur un ordinateur\" class=\"wp-image-9605\" srcset=\"https:\/\/www.caman.swiss\/wp-content\/uploads\/2022\/12\/Programmable-camera-remote-control-1024x573.jpg 1024w, https:\/\/www.caman.swiss\/wp-content\/uploads\/2022\/12\/Programmable-camera-remote-control-600x336.jpg 600w, https:\/\/www.caman.swiss\/wp-content\/uploads\/2022\/12\/Programmable-camera-remote-control-768x430.jpg 768w, https:\/\/www.caman.swiss\/wp-content\/uploads\/2022\/12\/Programmable-camera-remote-control-650x364.jpg 650w, https:\/\/www.caman.swiss\/wp-content\/uploads\/2022\/12\/Programmable-camera-remote-control.jpg 1200w\" sizes=\"auto, (max-width: 1024px) 100vw, 1024px\" \/><\/figure>\n\n\t<\/div>\n\n<\/div>\n\n\n<div class=\"wp-bootstrap-blocks-row row bgwhite g-0\">\n\t\n\n<div class=\"col-12 col-md-6\">\n\t\t\t\n\n<figure class=\"wp-block-embed is-type-video is-provider-youtube wp-block-embed-youtube wp-embed-aspect-16-9 wp-has-aspect-ratio\"><div class=\"wp-block-embed__wrapper\">\n<iframe loading=\"lazy\" title=\"Caman S GRIP PRO : handle for LANC video cameras - 3D presentation\" width=\"1120\" height=\"630\" src=\"https:\/\/www.youtube.com\/embed\/qn5EpXGfJ6E?feature=oembed\" frameborder=\"0\" allow=\"accelerometer; autoplay; clipboard-write; encrypted-media; gyroscope; picture-in-picture; web-share\" allowfullscreen><\/iframe>\n<\/div><\/figure>\n\n\t<\/div>\n\n\n\n<div class=\"col-12 col-md-6\">\n\t\t\t\n\n<h2 class=\"wp-block-heading\" id=\"h-une-prise-en-main-sur-mesure\">Une prise en main sur mesure<\/h2>\n\n\n\n<p>Caman a con\u00e7u un syst\u00e8me unique permettant d&rsquo;ajuster la S GRIP PRO \u00e0 la taille de votre main.<\/p>\n\n\n\n<p>Ainsi, vos doigts se retrouvent parfaitement align\u00e9s avec les boutons, contrairement aux poign\u00e9es classiques o\u00f9 les doigts doivent aller chercher des boutons parfois difficilement accessibles.<\/p>\n\n\n\n<p>Afin d&rsquo;optimiser le confort de la main, la S GRIP PRO b\u00e9n\u00e9ficie d&rsquo;un rev\u00eatement en silicone qui la rend \u00e9tanche \u00e0 la pluie et aux poussi\u00e8res.<\/p>\n\n\t<\/div>\n\n<\/div>\n\n\n<div class=\"wp-bootstrap-blocks-row row bgwhite\">\n\t\n\n<div class=\"col-12 col-md-6\">\n\t\t\t\n\n<h2 class=\"wp-block-heading\" id=\"h-une-technologie-signee-caman\">Une technologie sign\u00e9e Caman<\/h2>\n\n\n\n<p class=\"has-medium-font-size\">Les fonctions cam\u00e9ras r\u00e9agissent assez simplement aux ordres donn\u00e9s par une t\u00e9l\u00e9commande ou un bouton. Nous avons voulu aller plus loin en apportant davantage de possibilit\u00e9s.<\/p>\n\n\n\n<p>Caman a mis au point un module \u00e9lectronique \u00e9quip\u00e9 d&rsquo;un logiciel qui g\u00e8re la communication entre la poign\u00e9e et la cam\u00e9ra.<\/p>\n\n\n\n<p><strong>Anti faux-rec<\/strong> ou encore r\u00e9p\u00e9titions d&rsquo;une fonction plus ou moins rapides selon la pression du doigt : il est possible d&rsquo;activer certaines options dans Caman App qui permettent de modifier la mani\u00e8re dont la cam\u00e9ra r\u00e9agit \u00e0 certaines fonctions.<\/p>\n\n\n\n<p>Le module \u00e9lectronique est actuellement compatible avec les cam\u00e9ras disposant d&rsquo;une entr\u00e9e mini-jack \u00f82.5mm pour t\u00e9l\u00e9commande (LANC).<\/p>\n\n\n\n<div class=\"wp-block-buttons is-layout-flex wp-block-buttons-is-layout-flex\">\n<div class=\"wp-block-button\"><a class=\"wp-block-button__link wp-element-button\" href=\"https:\/\/www.caman.swiss\/compatibility\/\" target=\"_blank\" rel=\"noreferrer noopener\">Voir les cam\u00e9ras compatibles<\/a><\/div>\n<\/div>\n\n\t<\/div>\n\n\n\n<div class=\"col-12 col-md-6\">\n\t\t\t\n\n<figure class=\"wp-block-image size-medium\"><img loading=\"lazy\" decoding=\"async\" width=\"600\" height=\"600\" src=\"https:\/\/www.caman.swiss\/wp-content\/uploads\/2019\/01\/Caman-S-GRIP-PRO-module-600x600.jpg\" alt=\"Module \u00e9lectronique de la Caman S GRIP PRO avec deux c\u00e2bles\" class=\"wp-image-9512\" srcset=\"https:\/\/www.caman.swiss\/wp-content\/uploads\/2019\/01\/Caman-S-GRIP-PRO-module-600x600.jpg 600w, https:\/\/www.caman.swiss\/wp-content\/uploads\/2019\/01\/Caman-S-GRIP-PRO-module-1024x1024.jpg 1024w, https:\/\/www.caman.swiss\/wp-content\/uploads\/2019\/01\/Caman-S-GRIP-PRO-module-768x768.jpg 768w, https:\/\/www.caman.swiss\/wp-content\/uploads\/2019\/01\/Caman-S-GRIP-PRO-module-300x300.jpg 300w, https:\/\/www.caman.swiss\/wp-content\/uploads\/2019\/01\/Caman-S-GRIP-PRO-module-650x650.jpg 650w, https:\/\/www.caman.swiss\/wp-content\/uploads\/2019\/01\/Caman-S-GRIP-PRO-module-100x100.jpg 100w, https:\/\/www.caman.swiss\/wp-content\/uploads\/2019\/01\/Caman-S-GRIP-PRO-module.jpg 1200w\" sizes=\"auto, (max-width: 600px) 100vw, 600px\" \/><\/figure>\n\n\t<\/div>\n\n<\/div>\n\n\n<div class=\"wp-bootstrap-blocks-row row\">\n\t\n\n<div class=\"col-12 col-md-6\">\n\t\t\t\n<div id=\"gutenslider-8cy1wokpx\" class=\"wp-block-eedee-block-gutenslider gs-frontend content-change alignnone arrow-style-1 arrow-position-sides arrow-mb-none arrows-lg arrows-md arrows-sm dot-style-1 dots-lg dots-md dots-sm dot-position-bottom is-position-center-center mb-none wrap-auto-height\" data-parallax-direction=\"down\" data-parallax-amount=\"1.3\" data-lg-transition=\"lg-slide\" data-hash=\"\" ><div class=\"eedee-swiper-outer\" style=\"--gutenslider-min-height: 50vh;--gutenslider-arrow-size: 30px;--gutenslider-dot-size: 25px;--gutenslider-arrow-color: #000000;--gutenslider-dot-color: #000000;--gutenslider-padding-y-mobile: 40px;--gutenslider-padding-x-mobile: 40px;--gutenslider-padding-y-tablet: 40px;--gutenslider-padding-x-tablet: 40px;--gutenslider-padding-y-desktop: 40px;--gutenslider-padding-x-desktop: 40px;--gutenslider-bg-image: url();--gutenslider-min-height-md: 50vh;--gutenslider-min-height-sm: 50vh;--gutenslider-padding-x: 40px;--gutenslider-padding-x-md: 40px;--gutenslider-padding-x-sm: 20px;--gutenslider-padding-y: 40px;--gutenslider-padding-y-md: 40px;--gutenslider-padding-y-sm: 20px;--gutenslider-arrow-size-md: 30px;--gutenslider-arrow-size-sm: 30px;--gutenslider-dot-size-md: 25px;--gutenslider-dot-size-sm: 25px;--gutenslider-arrow-bg-color: transparent;--gutenslider-arrow-hover-color: #eeeeee;--gutenslider-arrow-bg-hover-color: transparent;--gutenslider-arrow-x-offset: 10px;--gutenslider-arrow-x-offset-md: 10px;--gutenslider-arrow-x-offset-sm: 10px;--gutenslider-arrow-y-offset: 0px;--gutenslider-arrow-y-offset-md: 0px;--gutenslider-arrow-y-offset-sm: 0px;--gutenslider-arrow-x-spacing: 0px;--gutenslider-dot-y-offset: 10px;--gutenslider-dot-y-offset-md: 10px;--gutenslider-dot-y-offset-sm: 10px;--gutenslider-margin-x: 0px;--gutenslider-margin-x-md: 0px;--gutenslider-margin-x-sm: 0px;--gutenslider-margin-y: 0px;--gutenslider-margin-y-md: 0px;--gutenslider-margin-y-sm: 0px;--gutenslider-divider-top: 60px;--gutenslider-divider-bottom: 60px;--gutenslider-lightgallery-bg: #ffffff;--gutenslider-lightgallery-font: #000000;--gs-first-pos: 50% 50%;--gs-gap-vertical: var( --wp--style--gallery-gap-default, var( --gallery-block--gutter-size, var( --wp--style--block-gap, 0.5em ) ) );--gs-gap-horizontal: var( --wp--style--gallery-gap-default, var( --gallery-block--gutter-size, var( --wp--style--block-gap, 0.5em ) ) );\"><div class=\"gutenslider-divider-top\" style=\"color:#fff;\"><\/div><div class=\"swiper\" data-settings='{\"autoplay\":{\"delay\":4000,\"pauseOnMouseEnter\":true,\"disableOnInteraction\":false},\"speed\":700,\"direction\":\"horizontal\",\"autoHeight\":\"\",\"loop\":true,\"centeredSlides\":true,\"spaceBetween\":0,\"slidesPerView\":1,\"slidesPerGroup\":1,\"effect\":\"slide\",\"coverflowEffect\":{\"rotate\":30,\"slideShadows\":false,\"depth\":100,\"stretch\":50,\"modifier\":1},\"fadeEffect\":{\"crossFade\":true},\"zoom\":\"\",\"navigation\":{\"nextEl\":\"#gutenslider-8cy1wokpx .eedee-gutenslider-next\",\"prevEl\":\"#gutenslider-8cy1wokpx .eedee-gutenslider-prev\"},\"pagination\":{\"type\":\"bullets\",\"clickable\":true,\"dynamicBullets\":false,\"el\":\"#gutenslider-8cy1wokpx .eedee-gutenslider-pagination\"},\"pauseOnHover\":\"1\",\"watchSlidesProgress\":true,\"watchSlidesVisibility\":true,\"settingsMd\":{\"autoHeight\":\"\",\"slidesPerView\":1,\"slidesPerGroup\":1,\"spaceBetween\":0,\"loop\":true},\"settingsLg\":{\"autoHeight\":\"\",\"slidesPerView\":1,\"slidesPerGroup\":1,\"spaceBetween\":0,\"loop\":true},\"hasLg\":false,\"hasLgCounter\":true,\"isFullScreen\":false,\"arrowsFollowMouse\":false,\"lgTitle\":\"none\",\"lgCaption\":\"none\",\"lgThumbnails\":true,\"lgZoomEnabled\":false,\"keyboard\":{\"keyboard\":{\"enabled\":true,\"onlyInViewport\":true}},\"hashNavigation\":false,\"dividers\":false}'><div class=\"swiper-wrapper\">\n<div class=\"swiper-slide wp-block-eedee-block-gutenslide is-position-center-center ed-bg-video\" style=\"--ed-vw: 720; --ed-vh: 720;\" data-hash=\"\"><div class=\"eedee-background-div bg-video\"><video src=\"https:\/\/www.caman.swiss\/wp-content\/uploads\/2022\/12\/Caman-grip-handle-rig-wih-friction-system.mp4\" type=\"video\/mp4\" autoplay playsinline loop muted poster=\"https:\/\/www.caman.swiss\/wp-content\/uploads\/2022\/12\/S-RIG-PRO-camera-rig-extension-spacer-with-friction.jpg\" style=\"object-fit: contain; object-position: 50%% 50%%; --ed-vw: 720px; --ed-vh: 720px;\" width=\"720\" height=\"720\" class=\"bg-video-autopause\"><\/video><div class=\"eedee-background-div__overlay\" style=\"opacity:1;\"><\/div><\/div><div class=\"slide-content\">\n\n<p class=\"has-text-align-center gutenslider-content-initial has-larger-font-size\"><\/p>\n\n<\/div><\/div>\n\n<div class=\"swiper-slide wp-block-eedee-block-gutenslide is-position-center-center ed-bg-image\" style=\"--ed-vw:600;--ed-vh:600;\" data-hash=\"\"><div class=\"eedee-background-div bg-image\"><img loading=\"lazy\" width=\"1200\" height=\"1200\" class=\"wp-image-9703\" src=\"https:\/\/www.caman.swiss\/wp-content\/uploads\/2022\/12\/S-RIG-PRO-camera-grip-mini-rig-friction-system.jpg\" alt=\"Illustration du syst\u00e8me de friction Caman avec le mini-bras rig de la S GRIP PRO\" decoding=\"async\" style=\"object-fit: contain; object-position: 50% 50%;\"  data-title=\"Syst\u00e8me de friction entre S RIG PRO et mini bras rig\" srcset=\"https:\/\/www.caman.swiss\/wp-content\/uploads\/2022\/12\/S-RIG-PRO-camera-grip-mini-rig-friction-system.jpg 1200w, https:\/\/www.caman.swiss\/wp-content\/uploads\/2022\/12\/S-RIG-PRO-camera-grip-mini-rig-friction-system-600x600.jpg 600w, https:\/\/www.caman.swiss\/wp-content\/uploads\/2022\/12\/S-RIG-PRO-camera-grip-mini-rig-friction-system-1024x1024.jpg 1024w, https:\/\/www.caman.swiss\/wp-content\/uploads\/2022\/12\/S-RIG-PRO-camera-grip-mini-rig-friction-system-768x768.jpg 768w, https:\/\/www.caman.swiss\/wp-content\/uploads\/2022\/12\/S-RIG-PRO-camera-grip-mini-rig-friction-system-300x300.jpg 300w, https:\/\/www.caman.swiss\/wp-content\/uploads\/2022\/12\/S-RIG-PRO-camera-grip-mini-rig-friction-system-650x650.jpg 650w, https:\/\/www.caman.swiss\/wp-content\/uploads\/2022\/12\/S-RIG-PRO-camera-grip-mini-rig-friction-system-100x100.jpg 100w\" sizes=\"auto, (max-width: 1200px) 100vw, 1200px\" \/><div class=\"eedee-background-div__overlay\" style=\"opacity:1;\"><\/div><\/div><div class=\"slide-content\">\n\n<p class=\"has-text-align-center gutenslider-content-initial has-larger-font-size\"><\/p>\n\n<\/div><\/div>\n\n<div class=\"swiper-slide wp-block-eedee-block-gutenslide is-position-center-center ed-bg-image\" style=\"--ed-vw:600;--ed-vh:600;\" data-hash=\"\"><div class=\"eedee-background-div bg-image\"><img loading=\"lazy\" width=\"1200\" height=\"1200\" class=\"wp-image-9699\" src=\"https:\/\/www.caman.swiss\/wp-content\/uploads\/2022\/12\/S-GRIP-PRO-multiholes-camera-mounting-plate-friction-system.jpg\" alt=\"Illustration du syst\u00e8me de friction Caman avec le plateau de montage cam\u00e9ra de la S GRIP PRO\" decoding=\"async\" style=\"object-fit: contain; object-position: 50% 50%;\"  data-title=\"S GRIP PRO : syst\u00e8me de friction avec plaque de montage cam\u00e9ra\" srcset=\"https:\/\/www.caman.swiss\/wp-content\/uploads\/2022\/12\/S-GRIP-PRO-multiholes-camera-mounting-plate-friction-system.jpg 1200w, https:\/\/www.caman.swiss\/wp-content\/uploads\/2022\/12\/S-GRIP-PRO-multiholes-camera-mounting-plate-friction-system-600x600.jpg 600w, https:\/\/www.caman.swiss\/wp-content\/uploads\/2022\/12\/S-GRIP-PRO-multiholes-camera-mounting-plate-friction-system-1024x1024.jpg 1024w, https:\/\/www.caman.swiss\/wp-content\/uploads\/2022\/12\/S-GRIP-PRO-multiholes-camera-mounting-plate-friction-system-768x768.jpg 768w, https:\/\/www.caman.swiss\/wp-content\/uploads\/2022\/12\/S-GRIP-PRO-multiholes-camera-mounting-plate-friction-system-300x300.jpg 300w, https:\/\/www.caman.swiss\/wp-content\/uploads\/2022\/12\/S-GRIP-PRO-multiholes-camera-mounting-plate-friction-system-650x650.jpg 650w, https:\/\/www.caman.swiss\/wp-content\/uploads\/2022\/12\/S-GRIP-PRO-multiholes-camera-mounting-plate-friction-system-100x100.jpg 100w\" sizes=\"auto, (max-width: 1200px) 100vw, 1200px\" \/><div class=\"eedee-background-div__overlay\" style=\"opacity:1;\"><\/div><\/div><div class=\"slide-content\">\n\n<p class=\"has-text-align-center gutenslider-content-initial has-larger-font-size\"><\/p>\n\n<\/div><\/div>\n\n<div class=\"swiper-slide wp-block-eedee-block-gutenslide is-position-center-center ed-bg-image\" style=\"--ed-vw:600;--ed-vh:600;\" data-hash=\"\"><div class=\"eedee-background-div bg-image\"><img loading=\"lazy\" width=\"1200\" height=\"1200\" class=\"wp-image-9707\" src=\"https:\/\/www.caman.swiss\/wp-content\/uploads\/2022\/12\/S-GRIP-PRO-rig-arm-with-friction.jpg\" alt=\"Illustration du syst\u00e8me de friction Caman avec le bras rig de la S GRIP PRO\" decoding=\"async\" style=\"object-fit: contain; object-position: 50% 50%;\"  data-title=\"S GRIP PRO et bras rig cam\u00e9ra avec syst\u00e8me de friction\" srcset=\"https:\/\/www.caman.swiss\/wp-content\/uploads\/2022\/12\/S-GRIP-PRO-rig-arm-with-friction.jpg 1200w, https:\/\/www.caman.swiss\/wp-content\/uploads\/2022\/12\/S-GRIP-PRO-rig-arm-with-friction-600x600.jpg 600w, https:\/\/www.caman.swiss\/wp-content\/uploads\/2022\/12\/S-GRIP-PRO-rig-arm-with-friction-1024x1024.jpg 1024w, https:\/\/www.caman.swiss\/wp-content\/uploads\/2022\/12\/S-GRIP-PRO-rig-arm-with-friction-768x768.jpg 768w, https:\/\/www.caman.swiss\/wp-content\/uploads\/2022\/12\/S-GRIP-PRO-rig-arm-with-friction-300x300.jpg 300w, https:\/\/www.caman.swiss\/wp-content\/uploads\/2022\/12\/S-GRIP-PRO-rig-arm-with-friction-650x650.jpg 650w, https:\/\/www.caman.swiss\/wp-content\/uploads\/2022\/12\/S-GRIP-PRO-rig-arm-with-friction-100x100.jpg 100w\" sizes=\"auto, (max-width: 1200px) 100vw, 1200px\" \/><div class=\"eedee-background-div__overlay\" style=\"opacity:1;\"><\/div><\/div><div class=\"slide-content\">\n\n<p class=\"has-text-align-center gutenslider-content-initial has-larger-font-size\"><\/p>\n\n<\/div><\/div>\n\n<div class=\"swiper-slide wp-block-eedee-block-gutenslide is-position-center-center ed-bg-image\" style=\"--ed-vw:600;--ed-vh:600;\" data-hash=\"\"><div class=\"eedee-background-div bg-image\"><img loading=\"lazy\" width=\"1200\" height=\"1200\" class=\"wp-image-9711\" src=\"https:\/\/www.caman.swiss\/wp-content\/uploads\/2022\/12\/S-RIG-PRO-camera-rig-extension-spacer-with-friction.jpg\" alt=\"Illustration du syst\u00e8me de friction Caman avec le bras rig de la S GRIP PRO et son extension\" decoding=\"async\" style=\"object-fit: contain; object-position: 50% 50%;\"  data-title=\"S RIG PRO syst\u00e8me de friction avec bras rig cam\u00e9ra\" srcset=\"https:\/\/www.caman.swiss\/wp-content\/uploads\/2022\/12\/S-RIG-PRO-camera-rig-extension-spacer-with-friction.jpg 1200w, https:\/\/www.caman.swiss\/wp-content\/uploads\/2022\/12\/S-RIG-PRO-camera-rig-extension-spacer-with-friction-600x600.jpg 600w, https:\/\/www.caman.swiss\/wp-content\/uploads\/2022\/12\/S-RIG-PRO-camera-rig-extension-spacer-with-friction-1024x1024.jpg 1024w, https:\/\/www.caman.swiss\/wp-content\/uploads\/2022\/12\/S-RIG-PRO-camera-rig-extension-spacer-with-friction-768x768.jpg 768w, https:\/\/www.caman.swiss\/wp-content\/uploads\/2022\/12\/S-RIG-PRO-camera-rig-extension-spacer-with-friction-300x300.jpg 300w, https:\/\/www.caman.swiss\/wp-content\/uploads\/2022\/12\/S-RIG-PRO-camera-rig-extension-spacer-with-friction-650x650.jpg 650w, https:\/\/www.caman.swiss\/wp-content\/uploads\/2022\/12\/S-RIG-PRO-camera-rig-extension-spacer-with-friction-100x100.jpg 100w\" sizes=\"auto, (max-width: 1200px) 100vw, 1200px\" \/><div class=\"eedee-background-div__overlay\" style=\"opacity:1;\"><\/div><\/div><div class=\"slide-content\">\n\n<p class=\"has-text-align-center gutenslider-content-initial has-larger-font-size\"><\/p>\n\n<\/div><\/div>\n<\/div><\/div><button class=\"eedee-gutenslider-nav eedee-gutenslider-prev\"><svg xmlns=\"http:\/\/www.w3.org\/2000\/svg\" viewBox=\"0 0 24 24\" width=\"24\" height=\"24\"><circle class=\"bg\" cx=\"13\" cy=\"12\" r=\"11\" \/><path fill=\"none\" d=\"M0 0h24v24H0z\"\/><path class=\"arrow\" d=\"M10.828 12l4.95 4.95-1.414 1.414L8 12l6.364-6.364 1.414 1.414z\"\/><\/svg><\/button><button class=\"eedee-gutenslider-nav eedee-gutenslider-next\"><svg xmlns=\"http:\/\/www.w3.org\/2000\/svg\" viewBox=\"0 0 24 24\" width=\"24\" height=\"24\"><circle class=\"bg\" cx=\"11\" cy=\"12\" r=\"11\" \/><path fill=\"none\" d=\"M0 0h24v24H0z\"\/><path class=\"arrow\" d=\"M13.172 12l-4.95-4.95 1.414-1.414L16 12l-6.364 6.364-1.414-1.414z\"\/><\/svg><\/button><div class=\"eedee-gutenslider-pagination\"><\/div><div class=\"gutenslider-divider-bottom \" style=\"color:#fff;\"><\/div><\/div><\/div>\n\t<\/div>\n\n\n\n<div class=\"col-12 col-md-6\">\n\t\t\t\n\n<h2 class=\"wp-block-heading\" id=\"h-decouvrez-le-systeme-de-friction-caman\">D\u00e9couvrez le syst\u00e8me de friction Caman<\/h2>\n\n\n\n<p class=\"has-medium-font-size\">Contrairement aux syst\u00e8mes standards qui n\u00e9cessitent de d\u00e9visser ou d\u00e9brayer le point de fixation, le syst\u00e8me de friction Caman permet d&rsquo;ajuster la position de la poign\u00e9e d&rsquo;un simple geste, de mani\u00e8re fluide, m\u00eame pendant une prise de vue.<\/p>\n\n\n\n<p>Le syst\u00e8me de friction est compos\u00e9 de deux rosettes sp\u00e9cialement con\u00e7ues pour glisser entre elles. Serrez plus ou moins fort l&rsquo;articulation pour obtenir la friction d\u00e9sir\u00e9e. Retirez-les et vous obtenez une fixation classique entre rosettes Arri.<\/p>\n\n\n\n<p>La S GRIP PRO est livr\u00e9e avec un bras court de fixation sur rosette Arri standard et d&rsquo;un plateau multi-trous pour une fixation directement sous une cam\u00e9ra. Ces deux \u00e9l\u00e9ments utilisent la friction.<\/p>\n\n\n\n<p>Il est \u00e9galement possible de profiter du syst\u00e8me de friction de mani\u00e8re plus d\u00e9port\u00e9e \u00e0 l&rsquo;aide du S RIG ARM et de son extension, afin d&rsquo;obtenir trois points de friction permettant de repositionner son bras.<\/p>\n\n\n\n<p> <\/p>\n\n\t<\/div>\n\n<\/div>\n\n\n<div class=\"wp-bootstrap-blocks-row row bgwhite g-0\">\n\t\n\n<div class=\"col-12 col-md-6\">\n\t\t\t\n\n<h2 class=\"wp-block-heading\" id=\"h-une-poignee-multifonctions\">Une poign\u00e9e multifonctions<\/h2>\n\n\n\n<p class=\"has-medium-font-size\">La S GRIP PRO vous permet de vous focaliser sur l&rsquo;image, pendant que votre main contr\u00f4le la cam\u00e9ra.<\/p>\n\n\n\n<p>Gagnez en r\u00e9activit\u00e9 et filmez plus sereinement, sans d\u00e9coller l\u2019\u0153il du moniteur, gr\u00e2ce \u00e0 l&rsquo;acc\u00e8s facilit\u00e9 \u00e0 de nombreuses fonctions ainsi qu&rsquo;au menu de la cam\u00e9ra, directement sous les doigts.<\/p>\n\n\n\n<p>Avec une bonne prise en main et ses diff\u00e9rentes possibilit\u00e9s de fixation, la S GRIP PRO offre une bonne tenue de la cam\u00e9ra et une meilleure stabilit\u00e9.<\/p>\n\n\n\n<p>Au poing, \u00e0 l&rsquo;\u00e9paule ou avec des syst\u00e8mes de stabilisation, la S GRIP PRO vous fera d\u00e9couvrir une nouvelle mani\u00e8re de filmer, plus simple et plus intuitive.<\/p>\n\n\n\n<div class=\"wp-block-buttons is-content-justification-left is-layout-flex wp-container-core-buttons-is-layout-fdcfc74e wp-block-buttons-is-layout-flex\">\n<div class=\"wp-block-button\"><a class=\"wp-block-button__link wp-element-button\" href=\"https:\/\/www.caman.swiss\/fr\/shop\/s-grip-pro-poignee-de-controle-pour-camera-cinema-lanc\/\">Commander maintenant<\/a><\/div>\n<\/div>\n\n\t<\/div>\n\n\n\n<div class=\"col-12 col-md-6\">\n\t\t\t\n\n<figure class=\"wp-block-embed is-type-video is-provider-youtube wp-block-embed-youtube wp-embed-aspect-16-9 wp-has-aspect-ratio\"><div class=\"wp-block-embed__wrapper\">\n<iframe loading=\"lazy\" title=\"Caman S GRIP PRO : remote control handle for LANC-compatible video cameras\" width=\"1120\" height=\"630\" src=\"https:\/\/www.youtube.com\/embed\/umrpnhX1WwU?feature=oembed\" frameborder=\"0\" allow=\"accelerometer; autoplay; clipboard-write; encrypted-media; gyroscope; picture-in-picture; web-share\" allowfullscreen><\/iframe>\n<\/div><\/figure>\n\n\t<\/div>\n\n<\/div>\n\n\n\n<h1 class=\"section-title wp-block-heading\" id=\"technicalspecs\"><span class=\"title-container\">Caract\u00e9ristiques techniques<\/span><\/h1>\n\n\n<div class=\"wp-bootstrap-blocks-row row\">\n\t\n\n<div class=\"col-12 col-md-2\">\n\t\t\t\t<\/div>\n\n\n\n<div class=\"col-12 col-md-3\">\n\t\t\t\n\n<figure class=\"wp-block-image size-large\"><img loading=\"lazy\" decoding=\"async\" width=\"1024\" height=\"1024\" src=\"https:\/\/www.caman.swiss\/wp-content\/uploads\/2022\/11\/Caman-S-GRIP-PRO-multifunction-handle-camcorder-cinema-camera-1024x1024.jpg\" alt=\"\" class=\"wp-image-10027\" srcset=\"https:\/\/www.caman.swiss\/wp-content\/uploads\/2022\/11\/Caman-S-GRIP-PRO-multifunction-handle-camcorder-cinema-camera-1024x1024.jpg 1024w, https:\/\/www.caman.swiss\/wp-content\/uploads\/2022\/11\/Caman-S-GRIP-PRO-multifunction-handle-camcorder-cinema-camera-600x600.jpg 600w, https:\/\/www.caman.swiss\/wp-content\/uploads\/2022\/11\/Caman-S-GRIP-PRO-multifunction-handle-camcorder-cinema-camera-768x768.jpg 768w, https:\/\/www.caman.swiss\/wp-content\/uploads\/2022\/11\/Caman-S-GRIP-PRO-multifunction-handle-camcorder-cinema-camera-300x300.jpg 300w, https:\/\/www.caman.swiss\/wp-content\/uploads\/2022\/11\/Caman-S-GRIP-PRO-multifunction-handle-camcorder-cinema-camera-650x650.jpg 650w, https:\/\/www.caman.swiss\/wp-content\/uploads\/2022\/11\/Caman-S-GRIP-PRO-multifunction-handle-camcorder-cinema-camera-100x100.jpg 100w, https:\/\/www.caman.swiss\/wp-content\/uploads\/2022\/11\/Caman-S-GRIP-PRO-multifunction-handle-camcorder-cinema-camera.jpg 1200w\" sizes=\"auto, (max-width: 1024px) 100vw, 1024px\" \/><\/figure>\n\n\t<\/div>\n\n\n\n<div class=\"col-12 col-md-6\">\n\t\t\t\n\n<h2 class=\"wp-block-heading\" id=\"h-contenu-du-coffret\">Contenu du coffret<\/h2>\n\n\n\n<ul class=\"wp-block-list\">\n<li>Poign\u00e9e de commande<\/li>\n\n\n\n<li>Bras rig court de fixation avec rosette Arri standard<\/li>\n\n\n\n<li>Plateau 18 trous pour fixation cam\u00e9ra<\/li>\n\n\n\n<li>Module \u00e9lectronique LANC<\/li>\n\n\n\n<li>Accessoires<\/li>\n<\/ul>\n\n\n\n<p><strong>Disponible s\u00e9par\u00e9ment<\/strong><\/p>\n\n\n\n<ul class=\"wp-block-list\">\n<li>S RIG ARM<\/li>\n\n\n\n<li>S RIG EXTENSION<\/li>\n<\/ul>\n\n\t<\/div>\n\n<\/div>\n\n\n<div class=\"wp-bootstrap-blocks-row row\">\n\t\n\n<div class=\"col-12 col-md-2\">\n\t\t\t\t<\/div>\n\n\n\n<div class=\"col-12 col-md-8\">\n\t\t\t\n\n<hr class=\"wp-block-separator has-alpha-channel-opacity\"\/>\n\n\t<\/div>\n\n<\/div>\n\n\n<div class=\"wp-bootstrap-blocks-row row\">\n\t\n\n<div class=\"col-12 col-md-2\">\n\t\t\t\t<\/div>\n\n\n\n<div class=\"col-12 col-md-3\">\n\t\t\t\n\n<figure class=\"wp-block-image size-medium\"><img loading=\"lazy\" decoding=\"async\" width=\"600\" height=\"600\" src=\"https:\/\/www.caman.swiss\/wp-content\/uploads\/2022\/11\/S-RIG-PRO-Caman-control-multifunctional-handle-lanc-camera-600x600.jpg\" alt=\"\" class=\"wp-image-9517\" srcset=\"https:\/\/www.caman.swiss\/wp-content\/uploads\/2022\/11\/S-RIG-PRO-Caman-control-multifunctional-handle-lanc-camera-600x600.jpg 600w, https:\/\/www.caman.swiss\/wp-content\/uploads\/2022\/11\/S-RIG-PRO-Caman-control-multifunctional-handle-lanc-camera-1024x1024.jpg 1024w, https:\/\/www.caman.swiss\/wp-content\/uploads\/2022\/11\/S-RIG-PRO-Caman-control-multifunctional-handle-lanc-camera-768x768.jpg 768w, https:\/\/www.caman.swiss\/wp-content\/uploads\/2022\/11\/S-RIG-PRO-Caman-control-multifunctional-handle-lanc-camera-300x300.jpg 300w, https:\/\/www.caman.swiss\/wp-content\/uploads\/2022\/11\/S-RIG-PRO-Caman-control-multifunctional-handle-lanc-camera-650x650.jpg 650w, https:\/\/www.caman.swiss\/wp-content\/uploads\/2022\/11\/S-RIG-PRO-Caman-control-multifunctional-handle-lanc-camera-100x100.jpg 100w, https:\/\/www.caman.swiss\/wp-content\/uploads\/2022\/11\/S-RIG-PRO-Caman-control-multifunctional-handle-lanc-camera.jpg 1200w\" sizes=\"auto, (max-width: 600px) 100vw, 600px\" \/><\/figure>\n\n\t<\/div>\n\n\n\n<div class=\"col-12 col-md-6\">\n\t\t\t\n\n<h2 class=\"wp-block-heading\" id=\"h-poignee-de-commande\">Poign\u00e9e de commande<\/h2>\n\n\n\n<ul class=\"wp-block-list\">\n<li>4 boutons (capteurs de pression)<\/li>\n\n\n\n<li>1 joystick (capteur de pression)<\/li>\n\n\n\n<li>1 molette pour ajuster l&rsquo;\u00e9cart entre boutons<\/li>\n\n\n\n<li>Rev\u00eatement IP66 en silicone anallergique<\/li>\n\n\n\n<li>1 c\u00e2ble de liaison vers module \u00e9lectronique avec connecteur REAN 5 broches<\/li>\n\n\n\n<li>1 point de fixation avec rosette Arri standard<\/li>\n\n\n\n<li>2 boucles de dragonne<\/li>\n\n\n\n<li>1 dragonne<\/li>\n<\/ul>\n\n\n\n<p><strong>Dimensions approximatives<\/strong> <br>106 x 115 x 210mm<\/p>\n\n\n\n<p><strong>Poids approximatif<\/strong> <br>680g<\/p>\n\n\n\n<p><strong>Environnement d&rsquo;utilisation<\/strong><br>-20\u00b0C \u00e0 +40\u00b0C<br>Humidit\u00e9 : max 80% \/ Jusqu&rsquo;\u00e0 100% de mani\u00e8re ponctuelle<\/p>\n\n\n\n<p><strong>Tension d&rsquo;alimentation<\/strong><br>4.2 ~ 6.0V \/ Tension d\u00e9livr\u00e9e par le module \u00e9lectronique<\/p>\n\n\n\n<p><strong>Certifications<\/strong><br>CE &#8211; IP66<br>EN 60529<br>EN 62368-1 + A11<br>EN 55024 + A1 \/ CISPR 24 EN 55032 \/ CISPR 32 Class B EN 55035 \/ CISPR 35<br>IEC 61000-6-2<br>EN\/IEC 61000-6-3 + A1 + AC<\/p>\n\n\t<\/div>\n\n<\/div>\n\n\n<div class=\"wp-bootstrap-blocks-row row\">\n\t\n\n<div class=\"col-12 col-md-2\">\n\t\t\t\t<\/div>\n\n\n\n<div class=\"col-12 col-md-8\">\n\t\t\t\n\n<hr class=\"wp-block-separator has-alpha-channel-opacity\"\/>\n\n\t<\/div>\n\n<\/div>\n\n\n<div class=\"wp-bootstrap-blocks-row row\">\n\t\n\n<div class=\"col-12 col-md-2\">\n\t\t\t\t<\/div>\n\n\n\n<div class=\"col-12 col-md-3\">\n\t\t\t\n\n<figure class=\"wp-block-image size-large\"><img loading=\"lazy\" decoding=\"async\" width=\"1024\" height=\"1024\" src=\"https:\/\/www.caman.swiss\/wp-content\/uploads\/2019\/01\/Caman-S-GRIP-PRO-module-1024x1024.jpg\" alt=\"\" class=\"wp-image-9512\" srcset=\"https:\/\/www.caman.swiss\/wp-content\/uploads\/2019\/01\/Caman-S-GRIP-PRO-module-1024x1024.jpg 1024w, https:\/\/www.caman.swiss\/wp-content\/uploads\/2019\/01\/Caman-S-GRIP-PRO-module-600x600.jpg 600w, https:\/\/www.caman.swiss\/wp-content\/uploads\/2019\/01\/Caman-S-GRIP-PRO-module-768x768.jpg 768w, https:\/\/www.caman.swiss\/wp-content\/uploads\/2019\/01\/Caman-S-GRIP-PRO-module-300x300.jpg 300w, https:\/\/www.caman.swiss\/wp-content\/uploads\/2019\/01\/Caman-S-GRIP-PRO-module-650x650.jpg 650w, https:\/\/www.caman.swiss\/wp-content\/uploads\/2019\/01\/Caman-S-GRIP-PRO-module-100x100.jpg 100w, https:\/\/www.caman.swiss\/wp-content\/uploads\/2019\/01\/Caman-S-GRIP-PRO-module.jpg 1200w\" sizes=\"auto, (max-width: 1024px) 100vw, 1024px\" \/><\/figure>\n\n\t<\/div>\n\n\n\n<div class=\"col-12 col-md-6\">\n\t\t\t\n\n<h2 class=\"wp-block-heading\" id=\"h-module-electronique\">Module \u00e9lectronique<\/h2>\n\n\n\n<ul class=\"wp-block-list\">\n<li>1 bo\u00eetier de commande<\/li>\n\n\n\n<li>1 c\u00e2ble de liaison poign\u00e9e avec connecteur REAN<\/li>\n\n\n\n<li>1 c\u00e2ble de liaison cam\u00e9ra avec connecteur mini-jack \u00f82.5mm 3 p\u00f4les (LANC)<\/li>\n\n\n\n<li>1 entr\u00e9e micro-USB et c\u00e2ble USB de liaison ordinateur<\/li>\n\n\n\n<li>1 entr\u00e9e EIAJ DC pour alimentation externe (si n\u00e9cessaire)<\/li>\n<\/ul>\n\n\n\n<p><strong>Dimensions approximatives<\/strong><br>64 x 40 x 20mm (sans les c\u00e2bles)<\/p>\n\n\n\n<p><strong>Poids approximatif<\/strong><br>120g<\/p>\n\n\n\n<p><strong>Environnement d&rsquo;utilisation<\/strong><br>0\u00b0C \u00e0 +40\u00b0C<br>Humidit\u00e9 : max 80%<\/p>\n\n\n\n<p><strong>Tension d&rsquo;alimentation<\/strong><br>4.2 ~ 6.0V \/ Tension d\u00e9livr\u00e9e par le port remote de la cam\u00e9ra ou part le port USB d&rsquo;un ordinateur<\/p>\n\n\n\n<p><strong>Certifications<\/strong><br>EN 62368-1 + A11<br>EN 55024 + A1 \/ CISPR 24 EN 55032 \/ CISPR 32 Class B<br>EN 55035 \/ CISPR 35<br>IEC 61000-6-2<br>EN\/IEC 61000-6-3 + A1 + AC<\/p>\n\n\t<\/div>\n\n<\/div>\n\n\n<div class=\"wp-bootstrap-blocks-row row\">\n\t\n\n<div class=\"col-12 col-md-2\">\n\t\t\t\t<\/div>\n\n\n\n<div class=\"col-12 col-md-8\">\n\t\t\t\n\n<hr class=\"wp-block-separator has-alpha-channel-opacity\"\/>\n\n\t<\/div>\n\n<\/div>\n\n\n<div class=\"wp-bootstrap-blocks-row row\">\n\t\n\n<div class=\"col-12 col-md-2\">\n\t\t\t\t<\/div>\n\n\n\n<div class=\"col-12 col-md-3\">\n\t\t\t\n\n<figure class=\"wp-block-image size-large\"><img loading=\"lazy\" decoding=\"async\" width=\"1024\" height=\"683\" src=\"https:\/\/www.caman.swiss\/wp-content\/uploads\/2022\/12\/Caman-S-GRIP-PRO-mini-rig-1024x683.jpg\" alt=\"\" class=\"wp-image-9657\" srcset=\"https:\/\/www.caman.swiss\/wp-content\/uploads\/2022\/12\/Caman-S-GRIP-PRO-mini-rig-1024x683.jpg 1024w, https:\/\/www.caman.swiss\/wp-content\/uploads\/2022\/12\/Caman-S-GRIP-PRO-mini-rig-600x400.jpg 600w, https:\/\/www.caman.swiss\/wp-content\/uploads\/2022\/12\/Caman-S-GRIP-PRO-mini-rig-768x512.jpg 768w, https:\/\/www.caman.swiss\/wp-content\/uploads\/2022\/12\/Caman-S-GRIP-PRO-mini-rig-650x433.jpg 650w, https:\/\/www.caman.swiss\/wp-content\/uploads\/2022\/12\/Caman-S-GRIP-PRO-mini-rig.jpg 1200w\" sizes=\"auto, (max-width: 1024px) 100vw, 1024px\" \/><\/figure>\n\n\t<\/div>\n\n\n\n<div class=\"col-12 col-md-6\">\n\t\t\t\n\n<h2 class=\"wp-block-heading\" id=\"h-bras-court-de-fixation\">Bras court de fixation<\/h2>\n\n\n\n<ul class=\"wp-block-list\">\n<li>1 bras aluminium noir<\/li>\n\n\n\n<li>1 molette de serrage avec roulement \u00e0 billes pour fixation sur rosette Arri standard avec ou sans friction<\/li>\n\n\n\n<li>1 molette de serrage pour fixation sur rosette Arri standard<\/li>\n\n\n\n<li>1 rosette de friction<\/li>\n<\/ul>\n\n\n\n<p><strong>Dimensions approximatives<\/strong><br>65 x 32 x 24mm<\/p>\n\n\n\n<p><strong>Poids approximatif<\/strong><br>130g<\/p>\n\n\n\n<p><strong>Environnement d&rsquo;utilisation<\/strong><br>-40\u00b0C \u00e0 +40\u00b0C<br>Humidit\u00e9 : max 100%<\/p>\n\n\t<\/div>\n\n<\/div>\n\n\n<div class=\"wp-bootstrap-blocks-row row\">\n\t\n\n<div class=\"col-12 col-md-2\">\n\t\t\t\t<\/div>\n\n\n\n<div class=\"col-12 col-md-8\">\n\t\t\t\n\n<hr class=\"wp-block-separator has-alpha-channel-opacity\"\/>\n\n\t<\/div>\n\n<\/div>\n\n\n<div class=\"wp-bootstrap-blocks-row row\">\n\t\n\n<div class=\"col-12 col-md-2\">\n\t\t\t\t<\/div>\n\n\n\n<div class=\"col-12 col-md-3\">\n\t\t\t\n\n<figure class=\"wp-block-image size-large\"><img loading=\"lazy\" decoding=\"async\" width=\"1024\" height=\"683\" src=\"https:\/\/www.caman.swiss\/wp-content\/uploads\/2022\/12\/Caman-S-GRIP-PRO-multiholes-camera-mounting-plate-1024x683.jpg\" alt=\"\" class=\"wp-image-9661\" srcset=\"https:\/\/www.caman.swiss\/wp-content\/uploads\/2022\/12\/Caman-S-GRIP-PRO-multiholes-camera-mounting-plate-1024x683.jpg 1024w, https:\/\/www.caman.swiss\/wp-content\/uploads\/2022\/12\/Caman-S-GRIP-PRO-multiholes-camera-mounting-plate-600x400.jpg 600w, https:\/\/www.caman.swiss\/wp-content\/uploads\/2022\/12\/Caman-S-GRIP-PRO-multiholes-camera-mounting-plate-768x512.jpg 768w, https:\/\/www.caman.swiss\/wp-content\/uploads\/2022\/12\/Caman-S-GRIP-PRO-multiholes-camera-mounting-plate-1536x1024.jpg 1536w, https:\/\/www.caman.swiss\/wp-content\/uploads\/2022\/12\/Caman-S-GRIP-PRO-multiholes-camera-mounting-plate-2048x1365.jpg 2048w, https:\/\/www.caman.swiss\/wp-content\/uploads\/2022\/12\/Caman-S-GRIP-PRO-multiholes-camera-mounting-plate-1600x1066.jpg 1600w, https:\/\/www.caman.swiss\/wp-content\/uploads\/2022\/12\/Caman-S-GRIP-PRO-multiholes-camera-mounting-plate-650x433.jpg 650w\" sizes=\"auto, (max-width: 1024px) 100vw, 1024px\" \/><\/figure>\n\n\t<\/div>\n\n\n\n<div class=\"col-12 col-md-6\">\n\t\t\t\n\n<h2 class=\"wp-block-heading\" id=\"h-plateau-de-fixation\">Plateau de fixation<\/h2>\n\n\n\n<ul class=\"wp-block-list\">\n<li>1 plaque de montage 18 trous<\/li>\n\n\n\n<li>1 vis de fixation 3\/4&Prime;<\/li>\n<\/ul>\n\n\n\n<p><strong>Dimensions approximatives<\/strong><br>100 x 52 x 40mm<\/p>\n\n\n\n<p><strong>Poids approximatif<\/strong><br>120g<\/p>\n\n\n\n<p><strong>Environnement d&rsquo;utilisation<\/strong><br>-40\u00b0C \u00e0 +40\u00b0C<br>Humidit\u00e9 : max 100%<\/p>\n\n\t<\/div>\n\n<\/div>\n\n\n<div class=\"wp-bootstrap-blocks-row row\">\n\t\n\n<div class=\"col-12 col-md-2\">\n\t\t\t\t<\/div>\n\n\n\n<div class=\"col-12 col-md-8\">\n\t\t\t\n\n<hr class=\"wp-block-separator has-alpha-channel-opacity\"\/>\n\n\t<\/div>\n\n<\/div>\n\n\n<div class=\"wp-bootstrap-blocks-row row\">\n\t\n\n<div class=\"col-12 col-md-2\">\n\t\t\t\t<\/div>\n\n\n\n<div class=\"col-12 col-md-3\">\n\t\t\t\n\n<figure class=\"wp-block-image size-large\"><img loading=\"lazy\" decoding=\"async\" width=\"1024\" height=\"1024\" src=\"https:\/\/www.caman.swiss\/wp-content\/uploads\/2022\/11\/S-RIG-ARM-3D-1024x1024.jpg\" alt=\"\" class=\"wp-image-9487\" srcset=\"https:\/\/www.caman.swiss\/wp-content\/uploads\/2022\/11\/S-RIG-ARM-3D-1024x1024.jpg 1024w, https:\/\/www.caman.swiss\/wp-content\/uploads\/2022\/11\/S-RIG-ARM-3D-600x600.jpg 600w, https:\/\/www.caman.swiss\/wp-content\/uploads\/2022\/11\/S-RIG-ARM-3D-768x768.jpg 768w, https:\/\/www.caman.swiss\/wp-content\/uploads\/2022\/11\/S-RIG-ARM-3D-300x300.jpg 300w, https:\/\/www.caman.swiss\/wp-content\/uploads\/2022\/11\/S-RIG-ARM-3D-650x650.jpg 650w, https:\/\/www.caman.swiss\/wp-content\/uploads\/2022\/11\/S-RIG-ARM-3D-100x100.jpg 100w, https:\/\/www.caman.swiss\/wp-content\/uploads\/2022\/11\/S-RIG-ARM-3D.jpg 1200w\" sizes=\"auto, (max-width: 1024px) 100vw, 1024px\" \/><\/figure>\n\n\t<\/div>\n\n\n\n<div class=\"col-12 col-md-6\">\n\t\t\t\n\n<h2 class=\"wp-block-heading\" id=\"h-s-rig-arm\">S RIG ARM<\/h2>\n\n\n\n<ul class=\"wp-block-list\">\n<li>1 bras de montage<\/li>\n\n\n\n<li>2 poign\u00e9es de serrage d\u00e9brayables<\/li>\n\n\n\n<li>2 rosettes de friction<\/li>\n<\/ul>\n\n\n\n<p><strong>Dimensions approximatives<\/strong><br>160 x 32 x 12mm<\/p>\n\n\n\n<p><strong>Poids approximatif<\/strong><br>255g<\/p>\n\n\t<\/div>\n\n<\/div>\n\n\n<div class=\"wp-bootstrap-blocks-row row\">\n\t\n\n<div class=\"col-12 col-md-2\">\n\t\t\t\t<\/div>\n\n\n\n<div class=\"col-12 col-md-8\">\n\t\t\t\n\n<hr class=\"wp-block-separator has-alpha-channel-opacity\"\/>\n\n\t<\/div>\n\n<\/div>\n\n\n<div class=\"wp-bootstrap-blocks-row row\">\n\t\n\n<div class=\"col-12 col-md-2\">\n\t\t\t\t<\/div>\n\n\n\n<div class=\"col-12 col-md-3\">\n\t\t\t\n\n<figure class=\"wp-block-image size-large\"><img loading=\"lazy\" decoding=\"async\" width=\"1024\" height=\"1024\" src=\"https:\/\/www.caman.swiss\/wp-content\/uploads\/2022\/11\/S-RIG-EXT-3D-1024x1024.jpg\" alt=\"\" class=\"wp-image-9499\" srcset=\"https:\/\/www.caman.swiss\/wp-content\/uploads\/2022\/11\/S-RIG-EXT-3D-1024x1024.jpg 1024w, https:\/\/www.caman.swiss\/wp-content\/uploads\/2022\/11\/S-RIG-EXT-3D-600x600.jpg 600w, https:\/\/www.caman.swiss\/wp-content\/uploads\/2022\/11\/S-RIG-EXT-3D-768x768.jpg 768w, https:\/\/www.caman.swiss\/wp-content\/uploads\/2022\/11\/S-RIG-EXT-3D-300x300.jpg 300w, https:\/\/www.caman.swiss\/wp-content\/uploads\/2022\/11\/S-RIG-EXT-3D-650x650.jpg 650w, https:\/\/www.caman.swiss\/wp-content\/uploads\/2022\/11\/S-RIG-EXT-3D-100x100.jpg 100w, https:\/\/www.caman.swiss\/wp-content\/uploads\/2022\/11\/S-RIG-EXT-3D.jpg 1200w\" sizes=\"auto, (max-width: 1024px) 100vw, 1024px\" \/><\/figure>\n\n\t<\/div>\n\n\n\n<div class=\"col-12 col-md-6\">\n\t\t\t\n\n<h2 class=\"wp-block-heading\" id=\"h-s-rig-extension\">S RIG EXTENSION<\/h2>\n\n\n\n<ul class=\"wp-block-list\">\n<li>1 bras de montage<\/li>\n\n\n\n<li>1 poign\u00e9e de serrage d\u00e9brayable longue<\/li>\n\n\n\n<li>1 rosette de friction <\/li>\n\n\n\n<li>1 rosette filet\u00e9e<\/li>\n<\/ul>\n\n\n\n<p><strong>Dimensions approximatives<\/strong><br>160 x 32 x 12mm<\/p>\n\n\n\n<p><strong>Poids approximatif<\/strong><br>185g<\/p>\n\n\t<\/div>\n\n<\/div>\n","protected":false},"excerpt":{"rendered":"<p>D\u00e9couvrez la S GRIP PRO Caract\u00e9ristiques techniques<\/p>\n","protected":false},"author":1,"featured_media":0,"parent":0,"menu_order":2,"comment_status":"closed","ping_status":"closed","template":"","meta":{"inline_featured_image":false,"footnotes":""},"class_list":["post-174","page","type-page","status-publish","hentry"],"featured_image_src":null,"yoast_head":"<!-- This site is optimized with the Yoast SEO Premium plugin v26.4 (Yoast SEO v26.4) - https:\/\/yoast.com\/wordpress\/plugins\/seo\/ -->\n<title>S GRIP PRO : la poign\u00e9e de commande multifonction pour cam\u00e9ra<\/title>\n<meta name=\"description\" content=\"D\u00e9couvrez la poign\u00e9e de commande S GRIP PRO, un concentr\u00e9 d&#039;innovation qui offre un confort in\u00e9gal\u00e9 et un acc\u00e8s facile aux fonctions cam\u00e9ra.\" \/>\n<meta name=\"robots\" content=\"index, follow, max-snippet:-1, max-image-preview:large, max-video-preview:-1\" \/>\n<link rel=\"canonical\" href=\"https:\/\/www.caman.swiss\/fr\/caman-la-poignee-professionnelle-pour-camera\/\" \/>\n<meta property=\"og:locale\" content=\"fr_FR\" \/>\n<meta property=\"og:type\" content=\"article\" \/>\n<meta property=\"og:title\" content=\"Poign\u00e9e de commande professionnelle pour cam\u00e9ra\" \/>\n<meta property=\"og:description\" content=\"La S GRIP PRO a \u00e9t\u00e9 con\u00e7ue par un chef-op\u00e9rateur pour apporter davantage de confort \u00e0 l&#039;op\u00e9rateur et une meilleure accessibilit\u00e9 aux fonctions de la cam\u00e9ra.\" \/>\n<meta property=\"og:url\" content=\"https:\/\/www.caman.swiss\/fr\/caman-la-poignee-professionnelle-pour-camera\/\" \/>\n<meta property=\"og:site_name\" content=\"Caman\" \/>\n<meta property=\"article:publisher\" content=\"https:\/\/www.facebook.com\/Caman.Swiss\" \/>\n<meta property=\"article:modified_time\" content=\"2023-03-22T10:23:36+00:00\" \/>\n<meta property=\"og:image\" content=\"https:\/\/www.caman.swiss\/wp-content\/uploads\/2022\/12\/Caman-S-GRIP-PRO-programmable-multifunction-camera-grip.jpg\" \/>\n\t<meta property=\"og:image:width\" content=\"1200\" \/>\n\t<meta property=\"og:image:height\" content=\"684\" \/>\n\t<meta property=\"og:image:type\" content=\"image\/jpeg\" \/>\n<meta name=\"twitter:card\" content=\"summary_large_image\" \/>\n<meta name=\"twitter:title\" content=\"S GRIP PRO, la poign\u00e9e de commande professionnelle pour cam\u00e9ra\" \/>\n<meta name=\"twitter:description\" content=\"D\u00e9couvrez la S GRIP PRO Puissante et d&#039;une grande polyvalence, la S&nbsp;GRIP&nbsp;PRO est l&#039;\u00e9quipement ultime en mati\u00e8re de contr\u00f4le de cam\u00e9ra sur le\" \/>\n<meta name=\"twitter:site\" content=\"@CamanSwiss\" \/>\n<meta name=\"twitter:label1\" content=\"Dur\u00e9e de lecture estim\u00e9e\" \/>\n\t<meta name=\"twitter:data1\" content=\"8 minutes\" \/>\n<script type=\"application\/ld+json\" class=\"yoast-schema-graph\">{\"@context\":\"https:\/\/schema.org\",\"@graph\":[{\"@type\":\"WebPage\",\"@id\":\"https:\/\/www.caman.swiss\/fr\/caman-la-poignee-professionnelle-pour-camera\/\",\"url\":\"https:\/\/www.caman.swiss\/fr\/caman-la-poignee-professionnelle-pour-camera\/\",\"name\":\"S GRIP PRO : la poign\u00e9e de commande multifonction pour cam\u00e9ra\",\"isPartOf\":{\"@id\":\"https:\/\/www.caman.swiss\/fr\/#website\"},\"primaryImageOfPage\":{\"@id\":\"https:\/\/www.caman.swiss\/fr\/caman-la-poignee-professionnelle-pour-camera\/#primaryimage\"},\"image\":{\"@id\":\"https:\/\/www.caman.swiss\/fr\/caman-la-poignee-professionnelle-pour-camera\/#primaryimage\"},\"thumbnailUrl\":\"https:\/\/www.caman.swiss\/wp-content\/uploads\/2021\/06\/caman-handle-for-video-camera-on-desk-2-1024x548.jpg\",\"datePublished\":\"2018-08-10T12:23:30+00:00\",\"dateModified\":\"2023-03-22T10:23:36+00:00\",\"description\":\"D\u00e9couvrez la poign\u00e9e de commande S GRIP PRO, un concentr\u00e9 d'innovation qui offre un confort in\u00e9gal\u00e9 et un acc\u00e8s facile aux fonctions cam\u00e9ra.\",\"breadcrumb\":{\"@id\":\"https:\/\/www.caman.swiss\/fr\/caman-la-poignee-professionnelle-pour-camera\/#breadcrumb\"},\"inLanguage\":\"fr-FR\",\"potentialAction\":[{\"@type\":\"ReadAction\",\"target\":[\"https:\/\/www.caman.swiss\/fr\/caman-la-poignee-professionnelle-pour-camera\/\"]}]},{\"@type\":\"ImageObject\",\"inLanguage\":\"fr-FR\",\"@id\":\"https:\/\/www.caman.swiss\/fr\/caman-la-poignee-professionnelle-pour-camera\/#primaryimage\",\"url\":\"https:\/\/www.caman.swiss\/wp-content\/uploads\/2021\/06\/caman-handle-for-video-camera-on-desk-2-1024x548.jpg\",\"contentUrl\":\"https:\/\/www.caman.swiss\/wp-content\/uploads\/2021\/06\/caman-handle-for-video-camera-on-desk-2-1024x548.jpg\"},{\"@type\":\"BreadcrumbList\",\"@id\":\"https:\/\/www.caman.swiss\/fr\/caman-la-poignee-professionnelle-pour-camera\/#breadcrumb\",\"itemListElement\":[{\"@type\":\"ListItem\",\"position\":1,\"name\":\"Accueil\",\"item\":\"https:\/\/www.caman.swiss\/fr\/\"},{\"@type\":\"ListItem\",\"position\":2,\"name\":\"S GRIP PRO, la poign\u00e9e de commande professionnelle pour cam\u00e9ra\"}]},{\"@type\":\"WebSite\",\"@id\":\"https:\/\/www.caman.swiss\/fr\/#website\",\"url\":\"https:\/\/www.caman.swiss\/fr\/\",\"name\":\"Caman.Swiss\",\"description\":\"Handle it!\",\"publisher\":{\"@id\":\"https:\/\/www.caman.swiss\/fr\/#organization\"},\"potentialAction\":[{\"@type\":\"SearchAction\",\"target\":{\"@type\":\"EntryPoint\",\"urlTemplate\":\"https:\/\/www.caman.swiss\/fr\/?s={search_term_string}\"},\"query-input\":{\"@type\":\"PropertyValueSpecification\",\"valueRequired\":true,\"valueName\":\"search_term_string\"}}],\"inLanguage\":\"fr-FR\"},{\"@type\":\"Organization\",\"@id\":\"https:\/\/www.caman.swiss\/fr\/#organization\",\"name\":\"Caman.Swiss\",\"alternateName\":\"CameraTools Ltd (Switzerland)\",\"url\":\"https:\/\/www.caman.swiss\/fr\/\",\"logo\":{\"@type\":\"ImageObject\",\"inLanguage\":\"fr-FR\",\"@id\":\"https:\/\/www.caman.swiss\/fr\/#\/schema\/logo\/image\/\",\"url\":\"https:\/\/www.caman.swiss\/wp-content\/uploads\/2022\/12\/Logo_Caman_noir_137px.svg\",\"contentUrl\":\"https:\/\/www.caman.swiss\/wp-content\/uploads\/2022\/12\/Logo_Caman_noir_137px.svg\",\"width\":\"1024\",\"height\":\"1024\",\"caption\":\"Caman.Swiss\"},\"image\":{\"@id\":\"https:\/\/www.caman.swiss\/fr\/#\/schema\/logo\/image\/\"},\"sameAs\":[\"https:\/\/www.facebook.com\/Caman.Swiss\",\"https:\/\/x.com\/CamanSwiss\",\"https:\/\/www.instagram.com\/Caman.Swiss\",\"https:\/\/www.linkedin.com\/company\/caman-swiss\/\",\"https:\/\/www.youtube.com\/channel\/UCMdqKvS3KJMB_f0sCmLTikg\"]}]}<\/script>\n<!-- \/ Yoast SEO Premium plugin. -->","yoast_head_json":{"title":"S GRIP PRO : la poign\u00e9e de commande multifonction pour cam\u00e9ra","description":"D\u00e9couvrez la poign\u00e9e de commande S GRIP PRO, un concentr\u00e9 d'innovation qui offre un confort in\u00e9gal\u00e9 et un acc\u00e8s facile aux fonctions cam\u00e9ra.","robots":{"index":"index","follow":"follow","max-snippet":"max-snippet:-1","max-image-preview":"max-image-preview:large","max-video-preview":"max-video-preview:-1"},"canonical":"https:\/\/www.caman.swiss\/fr\/caman-la-poignee-professionnelle-pour-camera\/","og_locale":"fr_FR","og_type":"article","og_title":"Poign\u00e9e de commande professionnelle pour cam\u00e9ra","og_description":"La S GRIP PRO a \u00e9t\u00e9 con\u00e7ue par un chef-op\u00e9rateur pour apporter davantage de confort \u00e0 l'op\u00e9rateur et une meilleure accessibilit\u00e9 aux fonctions de la cam\u00e9ra.","og_url":"https:\/\/www.caman.swiss\/fr\/caman-la-poignee-professionnelle-pour-camera\/","og_site_name":"Caman","article_publisher":"https:\/\/www.facebook.com\/Caman.Swiss","article_modified_time":"2023-03-22T10:23:36+00:00","og_image":[{"width":1200,"height":684,"url":"https:\/\/www.caman.swiss\/wp-content\/uploads\/2022\/12\/Caman-S-GRIP-PRO-programmable-multifunction-camera-grip.jpg","type":"image\/jpeg"}],"twitter_card":"summary_large_image","twitter_title":"S GRIP PRO, la poign\u00e9e de commande professionnelle pour cam\u00e9ra","twitter_description":"D\u00e9couvrez la S GRIP PRO Puissante et d'une grande polyvalence, la S&nbsp;GRIP&nbsp;PRO est l'\u00e9quipement ultime en mati\u00e8re de contr\u00f4le de cam\u00e9ra sur le","twitter_site":"@CamanSwiss","twitter_misc":{"Dur\u00e9e de lecture estim\u00e9e":"8 minutes"},"schema":{"@context":"https:\/\/schema.org","@graph":[{"@type":"WebPage","@id":"https:\/\/www.caman.swiss\/fr\/caman-la-poignee-professionnelle-pour-camera\/","url":"https:\/\/www.caman.swiss\/fr\/caman-la-poignee-professionnelle-pour-camera\/","name":"S GRIP PRO : la poign\u00e9e de commande multifonction pour cam\u00e9ra","isPartOf":{"@id":"https:\/\/www.caman.swiss\/fr\/#website"},"primaryImageOfPage":{"@id":"https:\/\/www.caman.swiss\/fr\/caman-la-poignee-professionnelle-pour-camera\/#primaryimage"},"image":{"@id":"https:\/\/www.caman.swiss\/fr\/caman-la-poignee-professionnelle-pour-camera\/#primaryimage"},"thumbnailUrl":"https:\/\/www.caman.swiss\/wp-content\/uploads\/2021\/06\/caman-handle-for-video-camera-on-desk-2-1024x548.jpg","datePublished":"2018-08-10T12:23:30+00:00","dateModified":"2023-03-22T10:23:36+00:00","description":"D\u00e9couvrez la poign\u00e9e de commande S GRIP PRO, un concentr\u00e9 d'innovation qui offre un confort in\u00e9gal\u00e9 et un acc\u00e8s facile aux fonctions cam\u00e9ra.","breadcrumb":{"@id":"https:\/\/www.caman.swiss\/fr\/caman-la-poignee-professionnelle-pour-camera\/#breadcrumb"},"inLanguage":"fr-FR","potentialAction":[{"@type":"ReadAction","target":["https:\/\/www.caman.swiss\/fr\/caman-la-poignee-professionnelle-pour-camera\/"]}]},{"@type":"ImageObject","inLanguage":"fr-FR","@id":"https:\/\/www.caman.swiss\/fr\/caman-la-poignee-professionnelle-pour-camera\/#primaryimage","url":"https:\/\/www.caman.swiss\/wp-content\/uploads\/2021\/06\/caman-handle-for-video-camera-on-desk-2-1024x548.jpg","contentUrl":"https:\/\/www.caman.swiss\/wp-content\/uploads\/2021\/06\/caman-handle-for-video-camera-on-desk-2-1024x548.jpg"},{"@type":"BreadcrumbList","@id":"https:\/\/www.caman.swiss\/fr\/caman-la-poignee-professionnelle-pour-camera\/#breadcrumb","itemListElement":[{"@type":"ListItem","position":1,"name":"Accueil","item":"https:\/\/www.caman.swiss\/fr\/"},{"@type":"ListItem","position":2,"name":"S GRIP PRO, la poign\u00e9e de commande professionnelle pour cam\u00e9ra"}]},{"@type":"WebSite","@id":"https:\/\/www.caman.swiss\/fr\/#website","url":"https:\/\/www.caman.swiss\/fr\/","name":"Caman.Swiss","description":"Handle it!","publisher":{"@id":"https:\/\/www.caman.swiss\/fr\/#organization"},"potentialAction":[{"@type":"SearchAction","target":{"@type":"EntryPoint","urlTemplate":"https:\/\/www.caman.swiss\/fr\/?s={search_term_string}"},"query-input":{"@type":"PropertyValueSpecification","valueRequired":true,"valueName":"search_term_string"}}],"inLanguage":"fr-FR"},{"@type":"Organization","@id":"https:\/\/www.caman.swiss\/fr\/#organization","name":"Caman.Swiss","alternateName":"CameraTools Ltd (Switzerland)","url":"https:\/\/www.caman.swiss\/fr\/","logo":{"@type":"ImageObject","inLanguage":"fr-FR","@id":"https:\/\/www.caman.swiss\/fr\/#\/schema\/logo\/image\/","url":"https:\/\/www.caman.swiss\/wp-content\/uploads\/2022\/12\/Logo_Caman_noir_137px.svg","contentUrl":"https:\/\/www.caman.swiss\/wp-content\/uploads\/2022\/12\/Logo_Caman_noir_137px.svg","width":"1024","height":"1024","caption":"Caman.Swiss"},"image":{"@id":"https:\/\/www.caman.swiss\/fr\/#\/schema\/logo\/image\/"},"sameAs":["https:\/\/www.facebook.com\/Caman.Swiss","https:\/\/x.com\/CamanSwiss","https:\/\/www.instagram.com\/Caman.Swiss","https:\/\/www.linkedin.com\/company\/caman-swiss\/","https:\/\/www.youtube.com\/channel\/UCMdqKvS3KJMB_f0sCmLTikg"]}]}},"_links":{"self":[{"href":"https:\/\/www.caman.swiss\/fr\/wp-json\/wp\/v2\/pages\/174","targetHints":{"allow":["GET"]}}],"collection":[{"href":"https:\/\/www.caman.swiss\/fr\/wp-json\/wp\/v2\/pages"}],"about":[{"href":"https:\/\/www.caman.swiss\/fr\/wp-json\/wp\/v2\/types\/page"}],"author":[{"embeddable":true,"href":"https:\/\/www.caman.swiss\/fr\/wp-json\/wp\/v2\/users\/1"}],"replies":[{"embeddable":true,"href":"https:\/\/www.caman.swiss\/fr\/wp-json\/wp\/v2\/comments?post=174"}],"version-history":[{"count":1,"href":"https:\/\/www.caman.swiss\/fr\/wp-json\/wp\/v2\/pages\/174\/revisions"}],"predecessor-version":[{"id":10031,"href":"https:\/\/www.caman.swiss\/fr\/wp-json\/wp\/v2\/pages\/174\/revisions\/10031"}],"wp:attachment":[{"href":"https:\/\/www.caman.swiss\/fr\/wp-json\/wp\/v2\/media?parent=174"}],"curies":[{"name":"wp","href":"https:\/\/api.w.org\/{rel}","templated":true}]}}